{"id":1266,"date":"2024-04-22T15:38:13","date_gmt":"2024-04-22T15:38:13","guid":{"rendered":"https:\/\/pensionkalogera.com\/mykonos\/"},"modified":"2024-06-29T17:57:21","modified_gmt":"2024-06-29T17:57:21","slug":"mykonos","status":"publish","type":"page","link":"https:\/\/pensionkalogera.com\/it\/mykonos\/","title":{"rendered":"Mykonos"},"content":{"rendered":"\t\t<div data-elementor-type=\"wp-page\" data-elementor-id=\"1266\" class=\"elementor elementor-1266 elementor-323\">\n\t\t\t\t<div class=\"elementor-element elementor-element-31c6f81c e-con-full e-flex e-con e-parent\" data-id=\"31c6f81c\" data-element_type=\"container\" data-e-type=\"container\" data-settings=\"{&quot;background_background&quot;:&quot;classic&quot;}\">\n\t\t\t\t<\/div>\n\t\t<div class=\"elementor-element elementor-element-2ff2c181 e-flex e-con-boxed e-con e-parent\" data-id=\"2ff2c181\" data-element_type=\"container\" data-e-type=\"container\">\n\t\t\t\t\t<div class=\"e-con-inner\">\n\t\t\t\t<div class=\"elementor-element elementor-element-54df09b4 elementor-widget__width-initial elementor-widget-tablet__width-initial elementor-widget elementor-widget-heading\" data-id=\"54df09b4\" data-element_type=\"widget\" data-e-type=\"widget\" data-widget_type=\"heading.default\">\n\t\t\t\t<div class=\"elementor-widget-container\">\n\t\t\t\t\t<h3 class=\"elementor-heading-title elementor-size-default\">Soggiornare nella Pension Ageliki Kalogera nel centro della citt\u00e0 di Mykonos, ti d\u00e0 la possibilit\u00e0 di visitare i posti migliori della citt\u00e0!<\/h3>\t\t\t\t<\/div>\n\t\t\t\t<\/div>\n\t\t\t\t<div class=\"elementor-element elementor-element-24efce73 elementor-widget elementor-widget-image\" data-id=\"24efce73\" data-element_type=\"widget\" data-e-type=\"widget\" data-widget_type=\"image.default\">\n\t\t\t\t<div class=\"elementor-widget-container\">\n\t\t\t\t\t\t\t\t\t\t\t\t\t\t\t<img decoding=\"async\" src=\"https:\/\/pensionkalogera.com\/wp-content\/uploads\/elementor\/thumbs\/oyster-qn4m9tn7gr81gmz54rbenjdoyk4cwv9kq71p1sxh48.png\" title=\"oyster\" alt=\"oyster\" loading=\"lazy\" \/>\t\t\t\t\t\t\t\t\t\t\t\t\t\t\t<\/div>\n\t\t\t\t<\/div>\n\t\t\t\t\t<\/div>\n\t\t\t\t<\/div>\n\t\t<div class=\"elementor-element elementor-element-7597c1d e-flex e-con-boxed e-con e-parent\" data-id=\"7597c1d\" data-element_type=\"container\" data-e-type=\"container\" data-settings=\"{&quot;background_background&quot;:&quot;classic&quot;}\">\n\t\t\t\t\t<div class=\"e-con-inner\">\n\t\t<div class=\"elementor-element elementor-element-3010a1f e-con-full e-flex e-con e-child\" data-id=\"3010a1f\" data-element_type=\"container\" data-e-type=\"container\">\n\t\t\t\t<div class=\"elementor-element elementor-element-b0f4a23 elementor-widget elementor-widget-image\" data-id=\"b0f4a23\" data-element_type=\"widget\" data-e-type=\"widget\" data-widget_type=\"image.default\">\n\t\t\t\t<div class=\"elementor-widget-container\">\n\t\t\t\t\t\t\t\t\t\t\t\t\t\t\t<img fetchpriority=\"high\" decoding=\"async\" width=\"914\" height=\"574\" src=\"https:\/\/pensionkalogera.com\/wp-content\/uploads\/2024\/05\/mykonos-town-beach.jpeg\" class=\"attachment-large size-large wp-image-1240\" alt=\"\" srcset=\"https:\/\/pensionkalogera.com\/wp-content\/uploads\/2024\/05\/mykonos-town-beach.jpeg 914w, https:\/\/pensionkalogera.com\/wp-content\/uploads\/2024\/05\/mykonos-town-beach-300x188.jpeg 300w, https:\/\/pensionkalogera.com\/wp-content\/uploads\/2024\/05\/mykonos-town-beach-768x482.jpeg 768w\" sizes=\"(max-width: 914px) 100vw, 914px\" \/>\t\t\t\t\t\t\t\t\t\t\t\t\t\t\t<\/div>\n\t\t\t\t<\/div>\n\t\t\t\t<\/div>\n\t\t<div class=\"elementor-element elementor-element-6c235b4 e-con-full e-flex e-con e-child\" data-id=\"6c235b4\" data-element_type=\"container\" data-e-type=\"container\">\n\t\t\t\t<div class=\"elementor-element elementor-element-9265260 elementor-widget elementor-widget-heading\" data-id=\"9265260\" data-element_type=\"widget\" data-e-type=\"widget\" data-widget_type=\"heading.default\">\n\t\t\t\t<div class=\"elementor-widget-container\">\n\t\t\t\t\t<h3 class=\"elementor-heading-title elementor-size-default\">Spiaggia di Agia Anna<\/h3>\t\t\t\t<\/div>\n\t\t\t\t<\/div>\n\t\t\t\t<div class=\"elementor-element elementor-element-319c9f9 elementor-widget elementor-widget-text-editor\" data-id=\"319c9f9\" data-element_type=\"widget\" data-e-type=\"widget\" data-widget_type=\"text-editor.default\">\n\t\t\t\t<div class=\"elementor-widget-container\">\n\t\t\t\t\t\t\t\t\t<p>La spiaggia di Mykonos Town \u00e8 la pi\u00f9 vicina e di pi\u00f9 facile accesso per chi soggiorna nella capitale dell\u2019isola. Si trova proprio nel cuore del Porto Antico ed \u00e8 raggiungibile a piedi da ogni parte della citt\u00e0.<br \/>\u00c8 una spiaggia non organizzata e solitamente pi\u00f9 tranquilla delle altre frequentate dell&#8217;isola. <br \/>\u00c8 perfetta per chi vuole rilassarsi sulla sua sabbia dorata o fare un bagno veloce nelle acque cristalline vicino al proprio alloggio. <\/p>\n<p><a href=\"https:\/\/maps.app.goo.gl\/JQzJfwic5W4goqtn6\" target=\"_blank\" rel=\"noopener\"><a href=\"https:\/\/maps.app.goo.gl\/JQzJfwic5W4goqtn6\">Posizione sulla mappa<\/a><\/a><\/p>\n\t\t\t\t\t\t\t\t<\/div>\n\t\t\t\t<\/div>\n\t\t\t\t<\/div>\n\t\t\t\t\t<\/div>\n\t\t\t\t<\/div>\n\t\t<div class=\"elementor-element elementor-element-aebeeb1 e-flex e-con-boxed e-con e-parent\" data-id=\"aebeeb1\" data-element_type=\"container\" data-e-type=\"container\" data-settings=\"{&quot;background_background&quot;:&quot;classic&quot;}\">\n\t\t\t\t\t<div class=\"e-con-inner\">\n\t\t<div class=\"elementor-element elementor-element-1fd69c7 e-con-full e-flex e-con e-child\" data-id=\"1fd69c7\" data-element_type=\"container\" data-e-type=\"container\">\n\t\t\t\t<div class=\"elementor-element elementor-element-fe8fe09 elementor-widget elementor-widget-image\" data-id=\"fe8fe09\" data-element_type=\"widget\" data-e-type=\"widget\" data-widget_type=\"image.default\">\n\t\t\t\t<div class=\"elementor-widget-container\">\n\t\t\t\t\t\t\t\t\t\t\t\t\t\t\t<img decoding=\"async\" width=\"900\" height=\"599\" src=\"https:\/\/pensionkalogera.com\/wp-content\/uploads\/2024\/05\/Megali-Ammos-beach.jpg\" class=\"attachment-full size-full wp-image-1239\" alt=\"\" srcset=\"https:\/\/pensionkalogera.com\/wp-content\/uploads\/2024\/05\/Megali-Ammos-beach.jpg 900w, https:\/\/pensionkalogera.com\/wp-content\/uploads\/2024\/05\/Megali-Ammos-beach-300x200.jpg 300w, https:\/\/pensionkalogera.com\/wp-content\/uploads\/2024\/05\/Megali-Ammos-beach-768x511.jpg 768w\" sizes=\"(max-width: 900px) 100vw, 900px\" \/>\t\t\t\t\t\t\t\t\t\t\t\t\t\t\t<\/div>\n\t\t\t\t<\/div>\n\t\t\t\t<\/div>\n\t\t<div class=\"elementor-element elementor-element-5a62357 e-con-full e-flex e-con e-child\" data-id=\"5a62357\" data-element_type=\"container\" data-e-type=\"container\">\n\t\t\t\t<div class=\"elementor-element elementor-element-2adf551 elementor-widget elementor-widget-heading\" data-id=\"2adf551\" data-element_type=\"widget\" data-e-type=\"widget\" data-widget_type=\"heading.default\">\n\t\t\t\t<div class=\"elementor-widget-container\">\n\t\t\t\t\t<h3 class=\"elementor-heading-title elementor-size-default\">Spiaggia di Megali Ammos<\/h3>\t\t\t\t<\/div>\n\t\t\t\t<\/div>\n\t\t\t\t<div class=\"elementor-element elementor-element-37ab168 elementor-widget elementor-widget-text-editor\" data-id=\"37ab168\" data-element_type=\"widget\" data-e-type=\"widget\" data-widget_type=\"text-editor.default\">\n\t\t\t\t<div class=\"elementor-widget-container\">\n\t\t\t\t\t\t\t\t\t<p><strong>Megali Ammos<\/strong> a Mykonos \u00e8 la spiaggia pi\u00f9 vicina alla citt\u00e0 di Mykonos, situata a pochi passi da essa.<br \/>Si tratta di una spiaggia tranquilla frequentata solo da poche persone, soprattutto gente del posto e residenti degli alloggi regionali. <br \/>La spiaggia non dispone di ombrelloni n\u00e9 lettini a causa del forte vento. <br \/>La zona \u00e8 ideale per rilassarsi, ma potrete anche godervi una passeggiata lungo la riva. <\/p>\n<p><a href=\"https:\/\/maps.app.goo.gl\/ZSC8yqhBGbjUU6vD6\" target=\"_blank\" rel=\"noopener\"><a href=\"https:\/\/maps.app.goo.gl\/ZSC8yqhBGbjUU6vD6\">Posizione sulla mappa<\/a><\/a><\/p>\n\t\t\t\t\t\t\t\t<\/div>\n\t\t\t\t<\/div>\n\t\t\t\t<\/div>\n\t\t\t\t\t<\/div>\n\t\t\t\t<\/div>\n\t\t<div class=\"elementor-element elementor-element-0b3d8da e-flex e-con-boxed e-con e-parent\" data-id=\"0b3d8da\" data-element_type=\"container\" data-e-type=\"container\" data-settings=\"{&quot;background_background&quot;:&quot;classic&quot;}\">\n\t\t\t\t\t<div class=\"e-con-inner\">\n\t\t<div class=\"elementor-element elementor-element-11b81d4 e-con-full e-flex e-con e-child\" data-id=\"11b81d4\" data-element_type=\"container\" data-e-type=\"container\">\n\t\t\t\t<div class=\"elementor-element elementor-element-8d41912 elementor-widget elementor-widget-image\" data-id=\"8d41912\" data-element_type=\"widget\" data-e-type=\"widget\" data-widget_type=\"image.default\">\n\t\t\t\t<div class=\"elementor-widget-container\">\n\t\t\t\t\t\t\t\t\t\t\t\t\t\t\t<img decoding=\"async\" width=\"800\" height=\"533\" src=\"https:\/\/pensionkalogera.com\/wp-content\/uploads\/2024\/05\/little-venice.jpg\" class=\"attachment-full size-full wp-image-1233\" alt=\"\" srcset=\"https:\/\/pensionkalogera.com\/wp-content\/uploads\/2024\/05\/little-venice.jpg 800w, https:\/\/pensionkalogera.com\/wp-content\/uploads\/2024\/05\/little-venice-300x200.jpg 300w, https:\/\/pensionkalogera.com\/wp-content\/uploads\/2024\/05\/little-venice-768x512.jpg 768w\" sizes=\"(max-width: 800px) 100vw, 800px\" \/>\t\t\t\t\t\t\t\t\t\t\t\t\t\t\t<\/div>\n\t\t\t\t<\/div>\n\t\t\t\t<\/div>\n\t\t<div class=\"elementor-element elementor-element-2cb2f96 e-con-full e-flex e-con e-child\" data-id=\"2cb2f96\" data-element_type=\"container\" data-e-type=\"container\">\n\t\t\t\t<div class=\"elementor-element elementor-element-3618bf2 elementor-widget elementor-widget-heading\" data-id=\"3618bf2\" data-element_type=\"widget\" data-e-type=\"widget\" data-widget_type=\"heading.default\">\n\t\t\t\t<div class=\"elementor-widget-container\">\n\t\t\t\t\t<h3 class=\"elementor-heading-title elementor-size-default\">Piccola Venezia<\/h3>\t\t\t\t<\/div>\n\t\t\t\t<\/div>\n\t\t\t\t<div class=\"elementor-element elementor-element-f893e5c elementor-widget elementor-widget-text-editor\" data-id=\"f893e5c\" data-element_type=\"widget\" data-e-type=\"widget\" data-widget_type=\"text-editor.default\">\n\t\t\t\t<div class=\"elementor-widget-container\">\n\t\t\t\t\t\t\t\t\t<p><strong>La Piccola Venezia a Mykonos<\/strong> \u00e8 uno dei luoghi pi\u00f9 romantici dell&#8217;isola. Quel quartiere \u00e8 pieno di vecchie case eleganti e splendide situate precariamente ai margini del terreno.<br \/>Molti viaggiatori esigenti si sono innamorati di questo affascinante quartiere per il suo fascino magnetico in passato.<br \/>Anche le <strong>viste del tramonto<\/strong> da l\u00ec sono mozzafiato! L\u00ec si trovano molti bar sul mare che offrono ottimi cocktail con viste fantastiche.<\/p>\n<p><a href=\"https:\/\/maps.app.goo.gl\/uBh1jj19zDF8GeXD8\" target=\"_blank\" rel=\"noopener\"><a href=\"https:\/\/maps.app.goo.gl\/uBh1jj19zDF8GeXD8\">Posizione sulla mappa<\/a><\/a><\/p>\n\t\t\t\t\t\t\t\t<\/div>\n\t\t\t\t<\/div>\n\t\t\t\t<\/div>\n\t\t\t\t\t<\/div>\n\t\t\t\t<\/div>\n\t\t<div class=\"elementor-element elementor-element-1e931286 e-flex e-con-boxed e-con e-parent\" data-id=\"1e931286\" data-element_type=\"container\" data-e-type=\"container\" data-settings=\"{&quot;background_background&quot;:&quot;classic&quot;}\">\n\t\t\t\t\t<div class=\"e-con-inner\">\n\t\t<div class=\"elementor-element elementor-element-3e601fd3 e-con-full e-flex e-con e-child\" data-id=\"3e601fd3\" data-element_type=\"container\" data-e-type=\"container\">\n\t\t\t\t<div class=\"elementor-element elementor-element-904ef7d elementor-widget elementor-widget-image\" data-id=\"904ef7d\" data-element_type=\"widget\" data-e-type=\"widget\" data-widget_type=\"image.default\">\n\t\t\t\t<div class=\"elementor-widget-container\">\n\t\t\t\t\t\t\t\t\t\t\t\t\t\t\t<img loading=\"lazy\" decoding=\"async\" width=\"1024\" height=\"530\" src=\"https:\/\/pensionkalogera.com\/wp-content\/uploads\/2024\/05\/paraportiani.jpg\" class=\"attachment-large size-large wp-image-1234\" alt=\"\" srcset=\"https:\/\/pensionkalogera.com\/wp-content\/uploads\/2024\/05\/paraportiani.jpg 1024w, https:\/\/pensionkalogera.com\/wp-content\/uploads\/2024\/05\/paraportiani-300x155.jpg 300w, https:\/\/pensionkalogera.com\/wp-content\/uploads\/2024\/05\/paraportiani-768x398.jpg 768w\" sizes=\"(max-width: 1024px) 100vw, 1024px\" \/>\t\t\t\t\t\t\t\t\t\t\t\t\t\t\t<\/div>\n\t\t\t\t<\/div>\n\t\t\t\t<\/div>\n\t\t<div class=\"elementor-element elementor-element-44ff3e91 e-con-full e-flex e-con e-child\" data-id=\"44ff3e91\" data-element_type=\"container\" data-e-type=\"container\">\n\t\t\t\t<div class=\"elementor-element elementor-element-177eee3a elementor-widget elementor-widget-heading\" data-id=\"177eee3a\" data-element_type=\"widget\" data-e-type=\"widget\" data-widget_type=\"heading.default\">\n\t\t\t\t<div class=\"elementor-widget-container\">\n\t\t\t\t\t<h3 class=\"elementor-heading-title elementor-size-default\">Chiesa Paraportiani <\/h3>\t\t\t\t<\/div>\n\t\t\t\t<\/div>\n\t\t\t\t<div class=\"elementor-element elementor-element-62e24d6 elementor-widget elementor-widget-text-editor\" data-id=\"62e24d6\" data-element_type=\"widget\" data-e-type=\"widget\" data-widget_type=\"text-editor.default\">\n\t\t\t\t<div class=\"elementor-widget-container\">\n\t\t\t\t\t\t\t\t\t<p>La deliziosa <strong>chiesa di Panagia Paraportiani<\/strong> a Mykonos \u00e8 tra le chiese pi\u00f9 fotografate dell&#8217;isola.<br \/>Si trova all&#8217;ingresso del quartiere Kastro, direttamente sul mare.<br \/>Il suo nome (Paraportiani) significa <em>stare accanto alla porta<\/em>, a significare che la chiesa si trovava accanto alla porta del Castello. <br \/>La particolarit\u00e0 della chiesa \u00e8 che \u00e8 composta da cinque piccole chiese.<\/p>\n<p><a href=\"https:\/\/maps.app.goo.gl\/gjo6WyCD3ukb15k1A\" target=\"_blank\" rel=\"noopener\"><a href=\"https:\/\/maps.app.goo.gl\/gjo6WyCD3ukb15k1A\">Posizione sulla mappa<\/a><\/a><\/p>\n\t\t\t\t\t\t\t\t<\/div>\n\t\t\t\t<\/div>\n\t\t\t\t<\/div>\n\t\t\t\t\t<\/div>\n\t\t\t\t<\/div>\n\t\t<div class=\"elementor-element elementor-element-f49f697 e-flex e-con-boxed e-con e-parent\" data-id=\"f49f697\" data-element_type=\"container\" data-e-type=\"container\" data-settings=\"{&quot;background_background&quot;:&quot;classic&quot;}\">\n\t\t\t\t\t<div class=\"e-con-inner\">\n\t\t<div class=\"elementor-element elementor-element-fbe49f2 e-con-full e-flex e-con e-child\" data-id=\"fbe49f2\" data-element_type=\"container\" data-e-type=\"container\">\n\t\t\t\t<div class=\"elementor-element elementor-element-1ac3fb2 elementor-widget elementor-widget-image\" data-id=\"1ac3fb2\" data-element_type=\"widget\" data-e-type=\"widget\" data-widget_type=\"image.default\">\n\t\t\t\t<div class=\"elementor-widget-container\">\n\t\t\t\t\t\t\t\t\t\t\t\t\t\t\t<img loading=\"lazy\" decoding=\"async\" width=\"670\" height=\"446\" src=\"https:\/\/pensionkalogera.com\/wp-content\/uploads\/2024\/05\/windmills-2.jpg\" class=\"attachment-large size-large wp-image-1238\" alt=\"\" srcset=\"https:\/\/pensionkalogera.com\/wp-content\/uploads\/2024\/05\/windmills-2.jpg 670w, https:\/\/pensionkalogera.com\/wp-content\/uploads\/2024\/05\/windmills-2-300x200.jpg 300w\" sizes=\"(max-width: 670px) 100vw, 670px\" \/>\t\t\t\t\t\t\t\t\t\t\t\t\t\t\t<\/div>\n\t\t\t\t<\/div>\n\t\t\t\t<\/div>\n\t\t<div class=\"elementor-element elementor-element-562e152 e-con-full e-flex e-con e-child\" data-id=\"562e152\" data-element_type=\"container\" data-e-type=\"container\">\n\t\t\t\t<div class=\"elementor-element elementor-element-68e2dba elementor-widget elementor-widget-heading\" data-id=\"68e2dba\" data-element_type=\"widget\" data-e-type=\"widget\" data-widget_type=\"heading.default\">\n\t\t\t\t<div class=\"elementor-widget-container\">\n\t\t\t\t\t<h3 class=\"elementor-heading-title elementor-size-default\">Mulini a vento<\/h3>\t\t\t\t<\/div>\n\t\t\t\t<\/div>\n\t\t\t\t<div class=\"elementor-element elementor-element-ec9c8ba elementor-widget elementor-widget-text-editor\" data-id=\"ec9c8ba\" data-element_type=\"widget\" data-e-type=\"widget\" data-widget_type=\"text-editor.default\">\n\t\t\t\t<div class=\"elementor-widget-container\">\n\t\t\t\t\t\t\t\t\t<p>I mulini a vento di Mykonos sono la caratteristica pi\u00f9 iconica dell&#8217;isola. Possono essere visti da quasi ogni angolo della citt\u00e0 di Mykonos, sfalsati lungo il crinale della collina sopra il porto e sono la prima vista ad accogliere i visitatori che arrivano sull&#8217;isola in barca. I mulini a vento di Mykonos sono il segno distintivo del paesaggio dell\u2019isola. <br \/>si possono riconoscere grazie alla loro silhouette distintiva. <\/p>\n<p><a href=\"https:\/\/maps.app.goo.gl\/m3SJb3H1SnNgpiKK6\" target=\"_blank\" rel=\"noopener\"><a href=\"https:\/\/maps.app.goo.gl\/m3SJb3H1SnNgpiKK6\">Posizione sulla mappa<\/a><\/a><\/p>\n\t\t\t\t\t\t\t\t<\/div>\n\t\t\t\t<\/div>\n\t\t\t\t<\/div>\n\t\t\t\t\t<\/div>\n\t\t\t\t<\/div>\n\t\t<div class=\"elementor-element elementor-element-9b6dcca e-flex e-con-boxed e-con e-parent\" data-id=\"9b6dcca\" data-element_type=\"container\" data-e-type=\"container\" data-settings=\"{&quot;background_background&quot;:&quot;classic&quot;}\">\n\t\t\t\t\t<div class=\"e-con-inner\">\n\t\t<div class=\"elementor-element elementor-element-b5b06df e-con-full e-flex e-con e-child\" data-id=\"b5b06df\" data-element_type=\"container\" data-e-type=\"container\">\n\t\t\t\t<div class=\"elementor-element elementor-element-87dd915 elementor-widget elementor-widget-image\" data-id=\"87dd915\" data-element_type=\"widget\" data-e-type=\"widget\" data-widget_type=\"image.default\">\n\t\t\t\t<div class=\"elementor-widget-container\">\n\t\t\t\t\t\t\t\t\t\t\t\t\t\t\t<img loading=\"lazy\" decoding=\"async\" width=\"800\" height=\"531\" src=\"https:\/\/pensionkalogera.com\/wp-content\/uploads\/2024\/05\/mylos-tou-boni-01.jpg\" class=\"attachment-full size-full wp-image-1237\" alt=\"\" srcset=\"https:\/\/pensionkalogera.com\/wp-content\/uploads\/2024\/05\/mylos-tou-boni-01.jpg 800w, https:\/\/pensionkalogera.com\/wp-content\/uploads\/2024\/05\/mylos-tou-boni-01-300x199.jpg 300w, https:\/\/pensionkalogera.com\/wp-content\/uploads\/2024\/05\/mylos-tou-boni-01-768x510.jpg 768w\" sizes=\"(max-width: 800px) 100vw, 800px\" \/>\t\t\t\t\t\t\t\t\t\t\t\t\t\t\t<\/div>\n\t\t\t\t<\/div>\n\t\t\t\t<\/div>\n\t\t<div class=\"elementor-element elementor-element-9b62e75 e-con-full e-flex e-con e-child\" data-id=\"9b62e75\" data-element_type=\"container\" data-e-type=\"container\">\n\t\t\t\t<div class=\"elementor-element elementor-element-aa705f6 elementor-widget elementor-widget-heading\" data-id=\"aa705f6\" data-element_type=\"widget\" data-e-type=\"widget\" data-widget_type=\"heading.default\">\n\t\t\t\t<div class=\"elementor-widget-container\">\n\t\t\t\t\t<h3 class=\"elementor-heading-title elementor-size-default\">Milos tou Boni \u2013 Museo agricolo<\/h3>\t\t\t\t<\/div>\n\t\t\t\t<\/div>\n\t\t\t\t<div class=\"elementor-element elementor-element-f91ce99 elementor-widget elementor-widget-text-editor\" data-id=\"f91ce99\" data-element_type=\"widget\" data-e-type=\"widget\" data-widget_type=\"text-editor.default\">\n\t\t\t\t<div class=\"elementor-widget-container\">\n\t\t\t\t\t\t\t\t\t<p>Questo museo \u00e8 situato all&#8217;aperto sulla cima di una collina che domina la citt\u00e0 di Mykonos, Chora, offrendo ai suoi visitatori una delle migliori viste sia del tramonto che del Mar Egeo. La struttura principale \u00e8 un mulino a vento in pietra del XVI secolo e prende il nome dall&#8217;ultimo proprietario-mugnaio George Bonis. Dopo essere stato acquistato nel 1962, entr\u00f2 a far parte della collezione del museo. Sono esposti il meccanismo completo del mulino a vento, nonch\u00e9 tutti gli strumenti e le attrezzature del mugnaio. <\/p>\n<p><a href=\"https:\/\/maps.app.goo.gl\/EKDd8whtPSjFfquP6\" target=\"_blank\" rel=\"noopener\"><a href=\"https:\/\/maps.app.goo.gl\/EKDd8whtPSjFfquP6\">Posizione sulla mappa<\/a><\/a><\/p>\n\t\t\t\t\t\t\t\t<\/div>\n\t\t\t\t<\/div>\n\t\t\t\t<\/div>\n\t\t\t\t\t<\/div>\n\t\t\t\t<\/div>\n\t\t<div class=\"elementor-element elementor-element-eed1702 e-flex e-con-boxed e-con e-parent\" data-id=\"eed1702\" data-element_type=\"container\" data-e-type=\"container\" data-settings=\"{&quot;background_background&quot;:&quot;classic&quot;}\">\n\t\t\t\t\t<div class=\"e-con-inner\">\n\t\t<div class=\"elementor-element elementor-element-4f06ec8 e-con-full e-flex e-con e-child\" data-id=\"4f06ec8\" data-element_type=\"container\" data-e-type=\"container\">\n\t\t\t\t<div class=\"elementor-element elementor-element-5b1aa9f elementor-widget elementor-widget-image\" data-id=\"5b1aa9f\" data-element_type=\"widget\" data-e-type=\"widget\" data-widget_type=\"image.default\">\n\t\t\t\t<div class=\"elementor-widget-container\">\n\t\t\t\t\t\t\t\t\t\t\t\t\t\t\t<img loading=\"lazy\" decoding=\"async\" width=\"500\" height=\"327\" src=\"https:\/\/pensionkalogera.com\/wp-content\/uploads\/2024\/05\/ktirio-kastro.jpg\" class=\"attachment-full size-full wp-image-1232\" alt=\"\" srcset=\"https:\/\/pensionkalogera.com\/wp-content\/uploads\/2024\/05\/ktirio-kastro.jpg 500w, https:\/\/pensionkalogera.com\/wp-content\/uploads\/2024\/05\/ktirio-kastro-300x196.jpg 300w\" sizes=\"(max-width: 500px) 100vw, 500px\" \/>\t\t\t\t\t\t\t\t\t\t\t\t\t\t\t<\/div>\n\t\t\t\t<\/div>\n\t\t\t\t<\/div>\n\t\t<div class=\"elementor-element elementor-element-caea45b e-con-full e-flex e-con e-child\" data-id=\"caea45b\" data-element_type=\"container\" data-e-type=\"container\">\n\t\t\t\t<div class=\"elementor-element elementor-element-650123e elementor-widget elementor-widget-heading\" data-id=\"650123e\" data-element_type=\"widget\" data-e-type=\"widget\" data-widget_type=\"heading.default\">\n\t\t\t\t<div class=\"elementor-widget-container\">\n\t\t\t\t\t<h3 class=\"elementor-heading-title elementor-size-default\">Museo del folklore di Mykonos<\/h3>\t\t\t\t<\/div>\n\t\t\t\t<\/div>\n\t\t\t\t<div class=\"elementor-element elementor-element-8cc2f64 elementor-widget elementor-widget-text-editor\" data-id=\"8cc2f64\" data-element_type=\"widget\" data-e-type=\"widget\" data-widget_type=\"text-editor.default\">\n\t\t\t\t<div class=\"elementor-widget-container\">\n\t\t\t\t\t\t\t\t\t<p>Casa di un capitano del XVI secolo, nella parte Kastro della citt\u00e0. Ospita il nucleo della \u201cRaccolta del folklore di Mykonos\u201d. <br \/>Qui puoi trovare numerosi articoli di produzione popolare locale e importata, e puoi sperimentare come si \u00e8 svolta la vita di Mykonos negli ultimi 4 secoli.<\/p>\n<p><a href=\"https:\/\/maps.app.goo.gl\/SY4mLK9HPhzYFUjP6\" target=\"_blank\" rel=\"noopener\"><a href=\"https:\/\/maps.app.goo.gl\/SY4mLK9HPhzYFUjP6\">Posizione sulla mappa<\/a><\/a><\/p>\n\t\t\t\t\t\t\t\t<\/div>\n\t\t\t\t<\/div>\n\t\t\t\t<\/div>\n\t\t\t\t\t<\/div>\n\t\t\t\t<\/div>\n\t\t<div class=\"elementor-element elementor-element-5c80609 e-flex e-con-boxed e-con e-parent\" data-id=\"5c80609\" data-element_type=\"container\" data-e-type=\"container\" data-settings=\"{&quot;background_background&quot;:&quot;classic&quot;}\">\n\t\t\t\t\t<div class=\"e-con-inner\">\n\t\t<div class=\"elementor-element elementor-element-0aed58c e-con-full e-flex e-con e-child\" data-id=\"0aed58c\" data-element_type=\"container\" data-e-type=\"container\">\n\t\t\t\t<div class=\"elementor-element elementor-element-eed0277 elementor-widget elementor-widget-image\" data-id=\"eed0277\" data-element_type=\"widget\" data-e-type=\"widget\" data-widget_type=\"image.default\">\n\t\t\t\t<div class=\"elementor-widget-container\">\n\t\t\t\t\t\t\t\t\t\t\t\t\t\t\t<img loading=\"lazy\" decoding=\"async\" width=\"800\" height=\"533\" src=\"https:\/\/pensionkalogera.com\/wp-content\/uploads\/2024\/05\/LENAS-HOUSE.jpg\" class=\"attachment-full size-full wp-image-1236\" alt=\"\" srcset=\"https:\/\/pensionkalogera.com\/wp-content\/uploads\/2024\/05\/LENAS-HOUSE.jpg 800w, https:\/\/pensionkalogera.com\/wp-content\/uploads\/2024\/05\/LENAS-HOUSE-300x200.jpg 300w, https:\/\/pensionkalogera.com\/wp-content\/uploads\/2024\/05\/LENAS-HOUSE-768x512.jpg 768w\" sizes=\"(max-width: 800px) 100vw, 800px\" \/>\t\t\t\t\t\t\t\t\t\t\t\t\t\t\t<\/div>\n\t\t\t\t<\/div>\n\t\t\t\t<\/div>\n\t\t<div class=\"elementor-element elementor-element-77b1392 e-con-full e-flex e-con e-child\" data-id=\"77b1392\" data-element_type=\"container\" data-e-type=\"container\">\n\t\t\t\t<div class=\"elementor-element elementor-element-469fcbb elementor-widget elementor-widget-heading\" data-id=\"469fcbb\" data-element_type=\"widget\" data-e-type=\"widget\" data-widget_type=\"heading.default\">\n\t\t\t\t<div class=\"elementor-widget-container\">\n\t\t\t\t\t<h3 class=\"elementor-heading-title elementor-size-default\">La casa di Lena<\/h3>\t\t\t\t<\/div>\n\t\t\t\t<\/div>\n\t\t\t\t<div class=\"elementor-element elementor-element-bb82b91 elementor-widget elementor-widget-text-editor\" data-id=\"bb82b91\" data-element_type=\"widget\" data-e-type=\"widget\" data-widget_type=\"text-editor.default\">\n\t\t\t\t<div class=\"elementor-widget-container\">\n\t\t\t\t\t\t\t\t\t<p>\u201cLa casa di Lena\u201d \u00e8 una residenza cittadina di Mykonos del 19\u00b0 secolo, parte di un edificio pi\u00f9 grande che apparteneva all\u2019eroe di guerra \u2013 il capitano Nicholaos Sourmelis, e si trova nel centro della citt\u00e0 di Mykonos, Chora, nella zona \u201cTria Pigadia\u201d.<br \/>Entr\u00f2 a far parte della collezione nel 1970, dopo una donazione di George e Ioanna Drakipoulou, insieme a molti dei suoi mobili e vari altri oggetti.<br \/>Il nome \u201ccasa di Lena\u201d si riferisce alla sua ultima abitante, Lena Skrivanou.<\/p>\n<p><a href=\"https:\/\/maps.app.goo.gl\/rGvPVmCBhvNCcM1s7\" target=\"_blank\" rel=\"noopener\"><a href=\"https:\/\/maps.app.goo.gl\/rGvPVmCBhvNCcM1s7\">Posizione sulla mappa<\/a><\/a><\/p>\n\t\t\t\t\t\t\t\t<\/div>\n\t\t\t\t<\/div>\n\t\t\t\t<\/div>\n\t\t\t\t\t<\/div>\n\t\t\t\t<\/div>\n\t\t<div class=\"elementor-element elementor-element-3814570 e-flex e-con-boxed e-con e-parent\" data-id=\"3814570\" data-element_type=\"container\" data-e-type=\"container\" data-settings=\"{&quot;background_background&quot;:&quot;classic&quot;}\">\n\t\t\t\t\t<div class=\"e-con-inner\">\n\t\t<div class=\"elementor-element elementor-element-013f1bd e-con-full e-flex e-con e-child\" data-id=\"013f1bd\" data-element_type=\"container\" data-e-type=\"container\">\n\t\t\t\t<div class=\"elementor-element elementor-element-b1de958 elementor-widget elementor-widget-image\" data-id=\"b1de958\" data-element_type=\"widget\" data-e-type=\"widget\" data-widget_type=\"image.default\">\n\t\t\t\t<div class=\"elementor-widget-container\">\n\t\t\t\t\t\t\t\t\t\t\t\t\t\t\t<img loading=\"lazy\" decoding=\"async\" width=\"895\" height=\"594\" src=\"https:\/\/pensionkalogera.com\/wp-content\/uploads\/2024\/05\/arxaiologiko-mouseio.jpg\" class=\"attachment-large size-large wp-image-1241\" alt=\"\" srcset=\"https:\/\/pensionkalogera.com\/wp-content\/uploads\/2024\/05\/arxaiologiko-mouseio.jpg 895w, https:\/\/pensionkalogera.com\/wp-content\/uploads\/2024\/05\/arxaiologiko-mouseio-300x199.jpg 300w, https:\/\/pensionkalogera.com\/wp-content\/uploads\/2024\/05\/arxaiologiko-mouseio-768x510.jpg 768w\" sizes=\"(max-width: 895px) 100vw, 895px\" \/>\t\t\t\t\t\t\t\t\t\t\t\t\t\t\t<\/div>\n\t\t\t\t<\/div>\n\t\t\t\t<\/div>\n\t\t<div class=\"elementor-element elementor-element-523a812 e-con-full e-flex e-con e-child\" data-id=\"523a812\" data-element_type=\"container\" data-e-type=\"container\">\n\t\t\t\t<div class=\"elementor-element elementor-element-95ab8c0 elementor-widget elementor-widget-heading\" data-id=\"95ab8c0\" data-element_type=\"widget\" data-e-type=\"widget\" data-widget_type=\"heading.default\">\n\t\t\t\t<div class=\"elementor-widget-container\">\n\t\t\t\t\t<h3 class=\"elementor-heading-title elementor-size-default\">Museo Archeologico di Mykonos<\/h3>\t\t\t\t<\/div>\n\t\t\t\t<\/div>\n\t\t\t\t<div class=\"elementor-element elementor-element-c6d1900 elementor-widget elementor-widget-text-editor\" data-id=\"c6d1900\" data-element_type=\"widget\" data-e-type=\"widget\" data-widget_type=\"text-editor.default\">\n\t\t\t\t<div class=\"elementor-widget-container\">\n\t\t\t\t\t\t\t\t\t<p>Il <strong>Museo Archeologico di Mykonos<\/strong> \u00e8 stato fondato nel 1902.<br \/>Fu allestito per conservare i reperti recuperati dalla <em>Fossa della Purificazione<\/em> (un buco che conteneva numerose urne e vasi di offerte), che risale al 426-425 a.C. La fossa fu portata alla luce nel 1898 dal famoso studioso D. Stavropoulos nel pittoresco isolotto di Rheneia. Il museo \u00e8 stato progettato dal famoso architetto Alexandros Lykakis. La costruzione dell&#8217;edificio che ospita il museo \u00e8 stata un&#8217;idea del Ministero della Pubblica Istruzione in collaborazione con la Societ\u00e0 Archeologica di Atene.<\/p>\n<p><a href=\"https:\/\/maps.app.goo.gl\/1PJ3JoAcwCJFRHuU6\" target=\"_blank\" rel=\"noopener\"><a href=\"https:\/\/maps.app.goo.gl\/1PJ3JoAcwCJFRHuU6\">Posizione sulla mappa<\/a><\/a><\/p>\n\t\t\t\t\t\t\t\t<\/div>\n\t\t\t\t<\/div>\n\t\t\t\t<\/div>\n\t\t\t\t\t<\/div>\n\t\t\t\t<\/div>\n\t\t<div class=\"elementor-element elementor-element-f1e7cce e-flex e-con-boxed e-con e-parent\" data-id=\"f1e7cce\" data-element_type=\"container\" data-e-type=\"container\" data-settings=\"{&quot;background_background&quot;:&quot;classic&quot;}\">\n\t\t\t\t\t<div class=\"e-con-inner\">\n\t\t<div class=\"elementor-element elementor-element-42bcc60 e-con-full e-flex e-con e-child\" data-id=\"42bcc60\" data-element_type=\"container\" data-e-type=\"container\">\n\t\t\t\t<div class=\"elementor-element elementor-element-9bb0aaf elementor-widget elementor-widget-image\" data-id=\"9bb0aaf\" data-element_type=\"widget\" data-e-type=\"widget\" data-widget_type=\"image.default\">\n\t\t\t\t<div class=\"elementor-widget-container\">\n\t\t\t\t\t\t\t\t\t\t\t\t\t\t\t<img loading=\"lazy\" decoding=\"async\" width=\"800\" height=\"535\" src=\"https:\/\/pensionkalogera.com\/wp-content\/uploads\/2024\/05\/delos-boats.jpg\" class=\"attachment-large size-large wp-image-1242\" alt=\"\" srcset=\"https:\/\/pensionkalogera.com\/wp-content\/uploads\/2024\/05\/delos-boats.jpg 800w, https:\/\/pensionkalogera.com\/wp-content\/uploads\/2024\/05\/delos-boats-300x201.jpg 300w, https:\/\/pensionkalogera.com\/wp-content\/uploads\/2024\/05\/delos-boats-768x514.jpg 768w\" sizes=\"(max-width: 800px) 100vw, 800px\" \/>\t\t\t\t\t\t\t\t\t\t\t\t\t\t\t<\/div>\n\t\t\t\t<\/div>\n\t\t\t\t<\/div>\n\t\t<div class=\"elementor-element elementor-element-8d92ff2 e-con-full e-flex e-con e-child\" data-id=\"8d92ff2\" data-element_type=\"container\" data-e-type=\"container\">\n\t\t\t\t<div class=\"elementor-element elementor-element-c928fa3 elementor-widget elementor-widget-heading\" data-id=\"c928fa3\" data-element_type=\"widget\" data-e-type=\"widget\" data-widget_type=\"heading.default\">\n\t\t\t\t<div class=\"elementor-widget-container\">\n\t\t\t\t\t<h3 class=\"elementor-heading-title elementor-size-default\">Delos<\/h3>\t\t\t\t<\/div>\n\t\t\t\t<\/div>\n\t\t\t\t<div class=\"elementor-element elementor-element-98febdb elementor-widget elementor-widget-text-editor\" data-id=\"98febdb\" data-element_type=\"widget\" data-e-type=\"widget\" data-widget_type=\"text-editor.default\">\n\t\t\t\t<div class=\"elementor-widget-container\">\n\t\t\t\t\t\t\t\t\t<div>Delos ha uno dei siti archeologici pi\u00f9 importanti della Grecia. Ecco perch\u00e9 una visita a quest&#8217;isola \u00e8 praticamente un viaggio indietro nel tempo nell&#8217;antica Grecia!<\/div>\n<div> <\/div>\n<div>Le barche partono dal vecchio porto di Mykonos, situato a Chora. In estate ci sono traversate giornaliere in traghetto per Delos, che impiegano circa 30 minuti. Puoi acquistare i biglietti del traghetto presso le biglietterie di Chora, Mykonos.<\/div>\n<div> <\/div>\n<p><a href=\"https:\/\/maps.app.goo.gl\/1juiFGLk4wahbfjB8\" target=\"_blank\" rel=\"noopener\"><a href=\"https:\/\/maps.app.goo.gl\/1juiFGLk4wahbfjB8\">Posizione sulla mappa<\/a><\/a><\/p>\n\t\t\t\t\t\t\t\t<\/div>\n\t\t\t\t<\/div>\n\t\t\t\t<\/div>\n\t\t\t\t\t<\/div>\n\t\t\t\t<\/div>\n\t\t<div class=\"elementor-element elementor-element-4b2796b e-flex e-con-boxed e-con e-parent\" data-id=\"4b2796b\" data-element_type=\"container\" data-e-type=\"container\">\n\t\t\t\t\t<div class=\"e-con-inner\">\n\t\t\t\t<div class=\"elementor-element elementor-element-17441d70 elementor-widget-divider--separator-type-pattern elementor-widget-divider--view-line elementor-widget elementor-widget-divider\" data-id=\"17441d70\" data-element_type=\"widget\" data-e-type=\"widget\" data-widget_type=\"divider.default\">\n\t\t\t\t<div class=\"elementor-widget-container\">\n\t\t\t\t\t\t\t<div class=\"elementor-divider\" style=\"--divider-pattern-url: url(&quot;data:image\/svg+xml,%3Csvg xmlns=&#039;http:\/\/www.w3.org\/2000\/svg&#039; preserveAspectRatio=&#039;none&#039; overflow=&#039;visible&#039; height=&#039;100%&#039; viewBox=&#039;0 0 24 24&#039; fill=&#039;none&#039; stroke=&#039;black&#039; stroke-width=&#039;3&#039; stroke-linecap=&#039;square&#039; stroke-miterlimit=&#039;10&#039;%3E%3Cpath d=&#039;M0,6c6,0,0.9,11.1,6.9,11.1S18,6,24,6&#039;\/%3E%3C\/svg%3E&quot;);\">\n\t\t\t<span class=\"elementor-divider-separator\">\n\t\t\t\t\t\t<\/span>\n\t\t<\/div>\n\t\t\t\t\t\t<\/div>\n\t\t\t\t<\/div>\n\t\t\t\t\t<\/div>\n\t\t\t\t<\/div>\n\t\t<div class=\"elementor-element elementor-element-e84bf0b e-flex e-con-boxed e-con e-parent\" data-id=\"e84bf0b\" data-element_type=\"container\" data-e-type=\"container\">\n\t\t\t\t\t<div class=\"e-con-inner\">\n\t\t<div class=\"elementor-element elementor-element-fa42972 e-con-full e-flex e-con e-child\" data-id=\"fa42972\" data-element_type=\"container\" data-e-type=\"container\">\n\t\t\t\t<div class=\"elementor-element elementor-element-40c78a2 elementor-widget elementor-widget-heading\" data-id=\"40c78a2\" data-element_type=\"widget\" data-e-type=\"widget\" data-widget_type=\"heading.default\">\n\t\t\t\t<div class=\"elementor-widget-container\">\n\t\t\t\t\t<h3 class=\"elementor-heading-title elementor-size-default\">Useful Links<\/h3>\t\t\t\t<\/div>\n\t\t\t\t<\/div>\n\t\t\t\t<div class=\"elementor-element elementor-element-3ada56c elementor-widget elementor-widget-text-editor\" data-id=\"3ada56c\" data-element_type=\"widget\" data-e-type=\"widget\" data-widget_type=\"text-editor.default\">\n\t\t\t\t<div class=\"elementor-widget-container\">\n\t\t\t\t\t\t\t\t\t<p><a href=\"https:\/\/mykonos.gr\/en\/\" target=\"_blank\" rel=\"noopener\"><a href=\"https:\/\/mykonos.gr\/en\/\">Informazioni sull&#8217;isola di Mykonos<\/a><\/a><br \/><a href=\"https:\/\/mykonosbus.com\/language\/el\/dromologia\/\" target=\"_blank\" rel=\"noopener\"><a href=\"https:\/\/mykonosbus.com\/language\/el\/dromologia\/\">Mykonos Bus<\/a><\/a><br \/>Mykonos Health Center, +30 <span aria-label=\"\u039a\u03bb\u03ae\u03c3\u03b7 \u03b1\u03c1\u03b9\u03b8\u03bc\u03bf\u03cd \u03c4\u03b7\u03bb\u03b5\u03c6\u03ce\u03bd\u03bf\u03c5 2289 360000\">2289 360000<\/span><br \/>Mykonos Police, +30 2289022716<br \/>Mykonos Port information, +302289022218<\/p>\n\t\t\t\t\t\t\t\t<\/div>\n\t\t\t\t<\/div>\n\t\t\t\t<\/div>\n\t\t<div class=\"elementor-element elementor-element-5ffc3c2 e-con-full e-flex e-con e-child\" data-id=\"5ffc3c2\" data-element_type=\"container\" data-e-type=\"container\">\n\t\t\t\t<div class=\"elementor-element elementor-element-a6a30c5 elementor-widget elementor-widget-heading\" data-id=\"a6a30c5\" data-element_type=\"widget\" data-e-type=\"widget\" data-widget_type=\"heading.default\">\n\t\t\t\t<div class=\"elementor-widget-container\">\n\t\t\t\t\t<h3 class=\"elementor-heading-title elementor-size-default\">I nostri Suggerimenti<\/h3>\t\t\t\t<\/div>\n\t\t\t\t<\/div>\n\t\t\t\t<div class=\"elementor-element elementor-element-4cf9007 elementor-widget elementor-widget-text-editor\" data-id=\"4cf9007\" data-element_type=\"widget\" data-e-type=\"widget\" data-widget_type=\"text-editor.default\">\n\t\t\t\t<div class=\"elementor-widget-container\">\n\t\t\t\t\t\t\t\t\t<p><strong>Restaurants, Taverns:<\/strong> <a href=\"https:\/\/maps.app.goo.gl\/V55pAWF6BtCCbR968\" target=\"_blank\" rel=\"noopener\">Nikos Taverna<\/a>, <a href=\"https:\/\/maps.app.goo.gl\/sjgncnUvYy5dTZHL7\" target=\"_blank\" rel=\"noopener\">Kounelas Fish Tavern<\/a>, <a href=\"https:\/\/maps.app.goo.gl\/xB9uPHaX6eQ8uMvY7\" target=\"_blank\" rel=\"noopener\">Marco Polo taverna<\/a>, <a href=\"https:\/\/maps.app.goo.gl\/WTe7J57VXHBXuX3y8\" target=\"_blank\" rel=\"noopener\">Kavos taverna<\/a>, <a href=\"https:\/\/maps.app.goo.gl\/ad5TtfLBsPjbap5J7\" target=\"_blank\" rel=\"noopener\">Salparo seafood tavern, <\/a>Bakoyias, <a href=\"https:\/\/maps.app.goo.gl\/ohUVCAXtPJtDLdpw5\" target=\"_blank\" rel=\"noopener\">Kadena<\/a>, <a href=\"https:\/\/maps.app.goo.gl\/41f6WzvyLkzJktTb9\" target=\"_blank\" rel=\"noopener\">Vegera Restaurant Cafe Bar<\/a>, <a href=\"https:\/\/maps.app.goo.gl\/2UuPjiRtHcwtuyPAA\" target=\"_blank\" rel=\"noopener\">Captain&#8217;s <\/a> <\/p>\n<p><strong>Pizza:<\/strong> <a href=\"https:\/\/maps.app.goo.gl\/vHzqfsmAY1jzMEW47\" target=\"_blank\" rel=\"noopener\">Pasta Fresca Barkia<\/a>, <a href=\"https:\/\/maps.app.goo.gl\/WraEMRCK5eznZLp36\" target=\"_blank\" rel=\"noopener\">D&#8217;angelo<\/a><\/p>\n<p><strong>Bar:<\/strong> <a href=\"https:\/\/maps.app.goo.gl\/TEkmzXpc9xZxQjqA9\" target=\"_blank\" rel=\"noopener\">Remezzo, <\/a><a href=\"https:\/\/maps.app.goo.gl\/npTKUAND2e6uTG5b8\" target=\"_blank\" rel=\"noopener\">Scandinavian Bar<\/a>, <a href=\"https:\/\/maps.app.goo.gl\/yu2HeYcoCV6tasYQ9\" target=\"_blank\" rel=\"noopener\">Rhapsody Bar<\/a>, <a href=\"https:\/\/maps.app.goo.gl\/eUBSopuVaybP72nWA\" target=\"_blank\" rel=\"noopener\">Veranda bar<\/a>, <a href=\"https:\/\/maps.app.goo.gl\/hXK5BcTPxrwoqnrf9\" target=\"_blank\" rel=\"noopener\">Astra<\/a><\/p>\n<p><strong>Super market:<\/strong> <a href=\"https:\/\/maps.app.goo.gl\/mjP1c341Raweuz6K8\" target=\"_blank\" rel=\"noopener\">AB Food Market<\/a><\/p>\n<div class=\"x78zum5 xdt5ytf\">\n<div class=\"x9f619 x1n2onr6 x1ja2u2z\">\n<div class=\"__fb-light-mode x1n2onr6\" role=\"row\">\n<div class=\"\">\n<div class=\"x78zum5 xdt5ytf x1n2onr6\" tabindex=\"-1\" role=\"gridcell\" data-release-focus-from=\"CLICK\" data-scope=\"messages_table\">\n<div class=\"x78zum5\" role=\"none\">\n<div class=\"x78zum5 x1iyjqo2 xs83m0k xeuugli x15zctf7\" role=\"none\">\n<div class=\"html-div xe8uvvx xdj266r x11i5rnm xat24cr x1mh8g0r xexx8yu x4uap5 x18d9i69 xkhd6sd x1h91t0o xkh2ocl x78zum5 xdt5ytf x13a6bvl x193iq5w xeuugli\" role=\"presentation\">\n<div class=\"html-div xe8uvvx xdj266r x11i5rnm xat24cr x1mh8g0r xexx8yu x4uap5 x18d9i69 xkhd6sd x78zum5 xh8yej3\" role=\"presentation\">\n<div class=\"x78zum5 xdt5ytf x193iq5w x1n2onr6 x1kxipp6 xuk3077\">\n<div class=\"x78zum5 xh8yej3\" role=\"none\">\n<div class=\"html-div xe8uvvx xdj266r x11i5rnm xat24cr x1mh8g0r xexx8yu x4uap5 x18d9i69 xkhd6sd x1h91t0o xkh2ocl x78zum5 xdt5ytf x13a6bvl x193iq5w x1iyjqo2 x1eb86dx\" role=\"presentation\">\n<div class=\"html-div xe8uvvx xdj266r x11i5rnm xat24cr x1mh8g0r xexx8yu x4uap5 x18d9i69 xkhd6sd x1r8uery x1iyjqo2\" role=\"presentation\"><strong>Pharmacy:<\/strong> <a href=\"https:\/\/maps.app.goo.gl\/9Kbe5qPgtPFfAxUQ9\" target=\"_blank\" rel=\"noopener\">Pharmacy 19<\/a>, <a href=\"https:\/\/maps.app.goo.gl\/Dm5zGpH5iqpr6wcw8\" target=\"_blank\" rel=\"noopener\">Pharmacy Nikolaos Kousathanas<\/a><\/p>\n<p><strong>Cafe:<\/strong> <a href=\"https:\/\/maps.app.goo.gl\/ddh9zNMmzKMAoLbf8\" target=\"_blank\" rel=\"noopener\">Blu Blu Cafe<\/a><\/p>\n<p><strong>Ice cream:<\/strong> <a href=\"https:\/\/maps.app.goo.gl\/TQFh2TsZJJG1LnY29\" target=\"_blank\" rel=\"noopener\">Davinci gelateria<\/a><\/div>\n<\/div>\n<\/div>\n<\/div>\n<\/div>\n<\/div>\n<\/div>\n<\/div>\n<\/div>\n<\/div>\n<\/div>\n<\/div>\n<\/div>\n\t\t\t\t\t\t\t\t<\/div>\n\t\t\t\t<\/div>\n\t\t\t\t<\/div>\n\t\t\t\t\t<\/div>\n\t\t\t\t<\/div>\n\t\t\t\t<\/div>\n\t\t","protected":false},"excerpt":{"rendered":"<p>Soggiornare nella Pension Ageliki Kalogera nel centro della citt\u00e0 di Mykonos, ti d\u00e0 la possibilit\u00e0 di visitare i posti migliori della citt\u00e0! Spiaggia di Agia Anna La spiaggia di Mykonos Town \u00e8 la pi\u00f9 vicina e di pi\u00f9 facile accesso per chi soggiorna nella capitale dell\u2019isola. Si trova proprio nel cuore del Porto Antico ed&hellip;&nbsp;<a href=\"https:\/\/pensionkalogera.com\/it\/mykonos\/\" rel=\"bookmark\">Leggi tutto &raquo;<span class=\"screen-reader-text\">Mykonos<\/span><\/a><\/p>\n","protected":false},"author":1,"featured_media":0,"parent":0,"menu_order":0,"comment_status":"closed","ping_status":"closed","template":"elementor_header_footer","meta":{"neve_meta_sidebar":"","neve_meta_container":"","neve_meta_enable_content_width":"","neve_meta_content_width":0,"neve_meta_title_alignment":"","neve_meta_author_avatar":"","neve_post_elements_order":"","neve_meta_disable_header":"","neve_meta_disable_footer":"","neve_meta_disable_title":"","footnotes":""},"class_list":["post-1266","page","type-page","status-publish","hentry"],"yoast_head":"<!-- This site is optimized with the Yoast SEO plugin v27.5 - https:\/\/yoast.com\/product\/yoast-seo-wordpress\/ -->\n<title>Mykonos - Pension Ageliki Kalogera | Rooms in Mykonos Town<\/title>\n<meta name=\"robots\" content=\"index, follow, max-snippet:-1, max-image-preview:large, max-video-preview:-1\" \/>\n<link rel=\"canonical\" href=\"https:\/\/pensionkalogera.com\/it\/mykonos\/\" \/>\n<meta property=\"og:locale\" content=\"it_IT\" \/>\n<meta property=\"og:type\" content=\"article\" \/>\n<meta property=\"og:title\" content=\"Mykonos - Pension Ageliki Kalogera | Rooms in Mykonos Town\" \/>\n<meta property=\"og:description\" content=\"Soggiornare nella Pension Ageliki Kalogera nel centro della citt\u00e0 di Mykonos, ti d\u00e0 la possibilit\u00e0 di visitare i posti migliori della citt\u00e0! Spiaggia di Agia Anna La spiaggia di Mykonos Town \u00e8 la pi\u00f9 vicina e di pi\u00f9 facile accesso per chi soggiorna nella capitale dell\u2019isola. Si trova proprio nel cuore del Porto Antico ed&hellip;&nbsp;Leggi tutto &raquo;Mykonos\" \/>\n<meta property=\"og:url\" content=\"https:\/\/pensionkalogera.com\/it\/mykonos\/\" \/>\n<meta property=\"og:site_name\" content=\"Pension Ageliki Kalogera | Rooms in Mykonos Town\" \/>\n<meta property=\"article:modified_time\" content=\"2024-06-29T17:57:21+00:00\" \/>\n<meta property=\"og:image\" content=\"https:\/\/pensionkalogera.com\/wp-content\/uploads\/elementor\/thumbs\/oyster-qn4m9tn7gr81gmz54rbenjdoyk4cwv9kq71p1sxh48.png\" \/>\n<meta name=\"twitter:card\" content=\"summary_large_image\" \/>\n<meta name=\"twitter:label1\" content=\"Tempo di lettura stimato\" \/>\n\t<meta name=\"twitter:data1\" content=\"4 minuti\" \/>\n<script type=\"application\/ld+json\" class=\"yoast-schema-graph\">{\"@context\":\"https:\\\/\\\/schema.org\",\"@graph\":[{\"@type\":\"WebPage\",\"@id\":\"https:\\\/\\\/pensionkalogera.com\\\/it\\\/mykonos\\\/\",\"url\":\"https:\\\/\\\/pensionkalogera.com\\\/it\\\/mykonos\\\/\",\"name\":\"Mykonos - Pension Ageliki Kalogera | Rooms in Mykonos Town\",\"isPartOf\":{\"@id\":\"https:\\\/\\\/pensionkalogera.com\\\/it\\\/#website\"},\"primaryImageOfPage\":{\"@id\":\"https:\\\/\\\/pensionkalogera.com\\\/it\\\/mykonos\\\/#primaryimage\"},\"image\":{\"@id\":\"https:\\\/\\\/pensionkalogera.com\\\/it\\\/mykonos\\\/#primaryimage\"},\"thumbnailUrl\":\"https:\\\/\\\/pensionkalogera.com\\\/wp-content\\\/uploads\\\/elementor\\\/thumbs\\\/oyster-qn4m9tn7gr81gmz54rbenjdoyk4cwv9kq71p1sxh48.png\",\"datePublished\":\"2024-04-22T15:38:13+00:00\",\"dateModified\":\"2024-06-29T17:57:21+00:00\",\"breadcrumb\":{\"@id\":\"https:\\\/\\\/pensionkalogera.com\\\/it\\\/mykonos\\\/#breadcrumb\"},\"inLanguage\":\"it-IT\",\"potentialAction\":[{\"@type\":\"ReadAction\",\"target\":[\"https:\\\/\\\/pensionkalogera.com\\\/it\\\/mykonos\\\/\"]}]},{\"@type\":\"ImageObject\",\"inLanguage\":\"it-IT\",\"@id\":\"https:\\\/\\\/pensionkalogera.com\\\/it\\\/mykonos\\\/#primaryimage\",\"url\":\"https:\\\/\\\/pensionkalogera.com\\\/wp-content\\\/uploads\\\/elementor\\\/thumbs\\\/oyster-qn4m9tn7gr81gmz54rbenjdoyk4cwv9kq71p1sxh48.png\",\"contentUrl\":\"https:\\\/\\\/pensionkalogera.com\\\/wp-content\\\/uploads\\\/elementor\\\/thumbs\\\/oyster-qn4m9tn7gr81gmz54rbenjdoyk4cwv9kq71p1sxh48.png\"},{\"@type\":\"BreadcrumbList\",\"@id\":\"https:\\\/\\\/pensionkalogera.com\\\/it\\\/mykonos\\\/#breadcrumb\",\"itemListElement\":[{\"@type\":\"ListItem\",\"position\":1,\"name\":\"Home\",\"item\":\"https:\\\/\\\/pensionkalogera.com\\\/it\\\/pagina-centrale\\\/\"},{\"@type\":\"ListItem\",\"position\":2,\"name\":\"Mykonos\"}]},{\"@type\":\"WebSite\",\"@id\":\"https:\\\/\\\/pensionkalogera.com\\\/it\\\/#website\",\"url\":\"https:\\\/\\\/pensionkalogera.com\\\/it\\\/\",\"name\":\"Pension Ageliki Kalogera | Rooms in Mykonos Town\",\"description\":\"Rooms in Mykonos Town\",\"publisher\":{\"@id\":\"https:\\\/\\\/pensionkalogera.com\\\/it\\\/#organization\"},\"potentialAction\":[{\"@type\":\"SearchAction\",\"target\":{\"@type\":\"EntryPoint\",\"urlTemplate\":\"https:\\\/\\\/pensionkalogera.com\\\/it\\\/?s={search_term_string}\"},\"query-input\":{\"@type\":\"PropertyValueSpecification\",\"valueRequired\":true,\"valueName\":\"search_term_string\"}}],\"inLanguage\":\"it-IT\"},{\"@type\":\"Organization\",\"@id\":\"https:\\\/\\\/pensionkalogera.com\\\/it\\\/#organization\",\"name\":\"Pension Ageliki Kalogera | Rooms in Mykonos Town\",\"url\":\"https:\\\/\\\/pensionkalogera.com\\\/it\\\/\",\"logo\":{\"@type\":\"ImageObject\",\"inLanguage\":\"it-IT\",\"@id\":\"https:\\\/\\\/pensionkalogera.com\\\/it\\\/#\\\/schema\\\/logo\\\/image\\\/\",\"url\":\"https:\\\/\\\/pensionkalogera.com\\\/wp-content\\\/uploads\\\/2024\\\/04\\\/PENSION-KALOGERA-LOGO-400PX.jpg\",\"contentUrl\":\"https:\\\/\\\/pensionkalogera.com\\\/wp-content\\\/uploads\\\/2024\\\/04\\\/PENSION-KALOGERA-LOGO-400PX.jpg\",\"width\":400,\"height\":400,\"caption\":\"Pension Ageliki Kalogera | Rooms in Mykonos Town\"},\"image\":{\"@id\":\"https:\\\/\\\/pensionkalogera.com\\\/it\\\/#\\\/schema\\\/logo\\\/image\\\/\"}}]}<\/script>\n<!-- \/ Yoast SEO plugin. -->","yoast_head_json":{"title":"Mykonos - Pension Ageliki Kalogera | Rooms in Mykonos Town","robots":{"index":"index","follow":"follow","max-snippet":"max-snippet:-1","max-image-preview":"max-image-preview:large","max-video-preview":"max-video-preview:-1"},"canonical":"https:\/\/pensionkalogera.com\/it\/mykonos\/","og_locale":"it_IT","og_type":"article","og_title":"Mykonos - Pension Ageliki Kalogera | Rooms in Mykonos Town","og_description":"Soggiornare nella Pension Ageliki Kalogera nel centro della citt\u00e0 di Mykonos, ti d\u00e0 la possibilit\u00e0 di visitare i posti migliori della citt\u00e0! Spiaggia di Agia Anna La spiaggia di Mykonos Town \u00e8 la pi\u00f9 vicina e di pi\u00f9 facile accesso per chi soggiorna nella capitale dell\u2019isola. Si trova proprio nel cuore del Porto Antico ed&hellip;&nbsp;Leggi tutto &raquo;Mykonos","og_url":"https:\/\/pensionkalogera.com\/it\/mykonos\/","og_site_name":"Pension Ageliki Kalogera | Rooms in Mykonos Town","article_modified_time":"2024-06-29T17:57:21+00:00","og_image":[{"url":"https:\/\/pensionkalogera.com\/wp-content\/uploads\/elementor\/thumbs\/oyster-qn4m9tn7gr81gmz54rbenjdoyk4cwv9kq71p1sxh48.png","type":"","width":"","height":""}],"twitter_card":"summary_large_image","twitter_misc":{"Tempo di lettura stimato":"4 minuti"},"schema":{"@context":"https:\/\/schema.org","@graph":[{"@type":"WebPage","@id":"https:\/\/pensionkalogera.com\/it\/mykonos\/","url":"https:\/\/pensionkalogera.com\/it\/mykonos\/","name":"Mykonos - Pension Ageliki Kalogera | Rooms in Mykonos Town","isPartOf":{"@id":"https:\/\/pensionkalogera.com\/it\/#website"},"primaryImageOfPage":{"@id":"https:\/\/pensionkalogera.com\/it\/mykonos\/#primaryimage"},"image":{"@id":"https:\/\/pensionkalogera.com\/it\/mykonos\/#primaryimage"},"thumbnailUrl":"https:\/\/pensionkalogera.com\/wp-content\/uploads\/elementor\/thumbs\/oyster-qn4m9tn7gr81gmz54rbenjdoyk4cwv9kq71p1sxh48.png","datePublished":"2024-04-22T15:38:13+00:00","dateModified":"2024-06-29T17:57:21+00:00","breadcrumb":{"@id":"https:\/\/pensionkalogera.com\/it\/mykonos\/#breadcrumb"},"inLanguage":"it-IT","potentialAction":[{"@type":"ReadAction","target":["https:\/\/pensionkalogera.com\/it\/mykonos\/"]}]},{"@type":"ImageObject","inLanguage":"it-IT","@id":"https:\/\/pensionkalogera.com\/it\/mykonos\/#primaryimage","url":"https:\/\/pensionkalogera.com\/wp-content\/uploads\/elementor\/thumbs\/oyster-qn4m9tn7gr81gmz54rbenjdoyk4cwv9kq71p1sxh48.png","contentUrl":"https:\/\/pensionkalogera.com\/wp-content\/uploads\/elementor\/thumbs\/oyster-qn4m9tn7gr81gmz54rbenjdoyk4cwv9kq71p1sxh48.png"},{"@type":"BreadcrumbList","@id":"https:\/\/pensionkalogera.com\/it\/mykonos\/#breadcrumb","itemListElement":[{"@type":"ListItem","position":1,"name":"Home","item":"https:\/\/pensionkalogera.com\/it\/pagina-centrale\/"},{"@type":"ListItem","position":2,"name":"Mykonos"}]},{"@type":"WebSite","@id":"https:\/\/pensionkalogera.com\/it\/#website","url":"https:\/\/pensionkalogera.com\/it\/","name":"Pension Ageliki Kalogera | Rooms in Mykonos Town","description":"Rooms in Mykonos Town","publisher":{"@id":"https:\/\/pensionkalogera.com\/it\/#organization"},"potentialAction":[{"@type":"SearchAction","target":{"@type":"EntryPoint","urlTemplate":"https:\/\/pensionkalogera.com\/it\/?s={search_term_string}"},"query-input":{"@type":"PropertyValueSpecification","valueRequired":true,"valueName":"search_term_string"}}],"inLanguage":"it-IT"},{"@type":"Organization","@id":"https:\/\/pensionkalogera.com\/it\/#organization","name":"Pension Ageliki Kalogera | Rooms in Mykonos Town","url":"https:\/\/pensionkalogera.com\/it\/","logo":{"@type":"ImageObject","inLanguage":"it-IT","@id":"https:\/\/pensionkalogera.com\/it\/#\/schema\/logo\/image\/","url":"https:\/\/pensionkalogera.com\/wp-content\/uploads\/2024\/04\/PENSION-KALOGERA-LOGO-400PX.jpg","contentUrl":"https:\/\/pensionkalogera.com\/wp-content\/uploads\/2024\/04\/PENSION-KALOGERA-LOGO-400PX.jpg","width":400,"height":400,"caption":"Pension Ageliki Kalogera | Rooms in Mykonos Town"},"image":{"@id":"https:\/\/pensionkalogera.com\/it\/#\/schema\/logo\/image\/"}}]}},"_links":{"self":[{"href":"https:\/\/pensionkalogera.com\/it\/wp-json\/wp\/v2\/pages\/1266","targetHints":{"allow":["GET"]}}],"collection":[{"href":"https:\/\/pensionkalogera.com\/it\/wp-json\/wp\/v2\/pages"}],"about":[{"href":"https:\/\/pensionkalogera.com\/it\/wp-json\/wp\/v2\/types\/page"}],"author":[{"embeddable":true,"href":"https:\/\/pensionkalogera.com\/it\/wp-json\/wp\/v2\/users\/1"}],"replies":[{"embeddable":true,"href":"https:\/\/pensionkalogera.com\/it\/wp-json\/wp\/v2\/comments?post=1266"}],"version-history":[{"count":1,"href":"https:\/\/pensionkalogera.com\/it\/wp-json\/wp\/v2\/pages\/1266\/revisions"}],"predecessor-version":[{"id":1267,"href":"https:\/\/pensionkalogera.com\/it\/wp-json\/wp\/v2\/pages\/1266\/revisions\/1267"}],"wp:attachment":[{"href":"https:\/\/pensionkalogera.com\/it\/wp-json\/wp\/v2\/media?parent=1266"}],"curies":[{"name":"wp","href":"https:\/\/api.w.org\/{rel}","templated":true}]}}